{"id":1657,"date":"2022-04-05T16:17:09","date_gmt":"2022-04-05T15:17:09","guid":{"rendered":"https:\/\/pre.f-impuls.org\/politica-de-privacidad\/"},"modified":"2022-12-12T10:09:00","modified_gmt":"2022-12-12T09:09:00","slug":"politica-de-privacidad","status":"publish","type":"page","link":"https:\/\/fundacioimpuls.org\/es\/politica-de-privacidad\/","title":{"rendered":"Pol\u00edtica de privacidad"},"content":{"rendered":"\n<h2 class=\"wp-block-heading\"><\/h2>\n\n\n\n<p><strong><span>RESPONSABILIDAD DE CONTENIDOS Y SERVICIOS OFERTADOS<\/span><\/strong><\/p>\n\n\n\n<p><strong>\r\n<\/strong>La presente WEB tiene por objeto presentar de forma digitalizada la oferta de servicios e informaci\u00f3n que la&nbsp;<strong>FUNDACI\u00d3N PRIVADA IMPULS<\/strong>&nbsp;(en adelante&nbsp;<strong>IMPULS<\/strong>&nbsp;) ofrece.&nbsp;Adem\u00e1s, tiene por objeto facilitar el acceso de cualquier persona interesada a la informaci\u00f3n sobre los servicios y actividades que ofrece la entidad.<\/p>\n\n\n\n<p><strong><span>IMPULS<\/span><\/strong><span>&nbsp;, con CIF G63658744, act\u00faa como titular, dinamizadora y gestora de contenidos de la presente web.&nbsp;La entidad informa a los usuarios de que cumple con la normativa vigente de protecci\u00f3n de datos, y con car\u00e1cter especial, con la Ley Org\u00e1nica 15\/1999, de 13 de diciembre, de Protecci\u00f3n de Datos de Car\u00e1cter Personal y su reglamento de desarrollo (RD 1720\/2007), as\u00ed como de los preceptos de la Ley 34\/2002, de 11 de julio, de Servicios de la Sociedad de la Informaci\u00f3n y de Comercio Electr\u00f3nico que pudieran serle de inter\u00e9s.<\/span><\/p>\n\n\n\n<p><span>Por tanto, la actividad comercial, publicitaria, mercantil, administrativa o de contrataci\u00f3n de bienes y\/o servicios es responsabilidad de la sociedad mencionada, propietaria de los siguientes dominios: f-impuls.org, fundacioimpuls.org, entre los que se encuentra el presente y que opera con la marca &#8216;<\/span><strong><span>Fundaci\u00f3n Privada Impuls&#8217;<\/span><\/strong><span>\u00a0atendiendo para cuestiones educativas, comerciales y administrativas en la direcci\u00f3n y\/oa trav\u00e9s de los siguientes medios:<\/span><\/p>\n\n\n\n<ul><li>Carrer Muntaner, 426. Principal 1a (08006). Barcelona<\/li><li>Correo electr\u00f3nico: info@f-impuls.org<\/li><\/ul>\n\n\n\n<p><\/p>\n\n\n\n<p><strong><span>FINALIDAD DE LA P\u00c1GINA WEB<\/span><\/strong>\r\n\r\nLa presente p\u00e1gina web tiene por objeto presentar a sus usuarios, as\u00ed como a cualquier persona interesada, toda la informaci\u00f3n relativa a los servicios de la Fundaci\u00f3n.<\/p>\n\n\n\n<p><\/p>\n\n\n\n<p><strong><span>CONCEPTO DE USUARIO<\/span>\r\n<\/strong><span>La utilizaci\u00f3n de la p\u00e1gina web atribuye la condici\u00f3n de usuario e implica la aceptaci\u00f3n total y sin reservas de todas y cada una de las disposiciones incluidas en este Aviso Legal y Pol\u00edticas de Privacidad en el mismo momento en que el usuario acceda a Internet.&nbsp;En consecuencia, el usuario deber\u00e1 leer atentamente este Aviso Legal y las Pol\u00edticas de Privacidad frecuentemente cuando se proponga facilitar sus datos personales en relaci\u00f3n con las actividades de la p\u00e1gina web ya que pueden modificarse.<\/span><\/p>\n\n\n\n<p><\/p>\n\n\n\n<p><strong><span>INFORMACI\u00d3N SOBRE LOS LINKS<\/span><\/strong> <strong><span>IMPULS<\/span><\/strong><span>\u00a0no se hace responsable de las webs no propias a las que se pueda acceder mediante v\u00ednculos \u201clinks\u201d o de cualquier contenido puesto a disposici\u00f3n en la presente web ya sea por la propia empresa o por terceras personas.\u00a0Cualquier uso de un v\u00ednculo o acceso a una web no propia se hace por voluntad y riesgo exclusivo del usuario e\u00a0<\/span><strong><span>IMPULS <\/span><\/strong><span>no recomienda ni garantiza ninguna informaci\u00f3n obtenida a trav\u00e9s de un v\u00ednculo ajeno a la presente web ni se responsabiliza de ninguna p\u00e9rdida, reclamaci\u00f3n o perjuicio derivada del uso o mal uso de un v\u00ednculo, o de la informaci\u00f3n obtenida a trav\u00e9s de \u00e9l , incluyendo otros v\u00ednculos o webs, de la interrupci\u00f3n en el servicio o en el acceso, o del intento de utilizar o no utilizar mal un v\u00ednculo, tanto al conectarse a la intranet, como al acceder a la informaci\u00f3n de otras webs desde la propia intranet.<\/span><\/p>\n\n\n\n<p><\/p>\n\n\n\n<p><strong><span>V\u00cdNCULOS O ENLACES DESDE OTRAS WEBS EXTERNOS<\/span>\r\n<\/strong><span>Se proh\u00edbe expresamente establecer el v\u00ednculo de la presente web desde las p\u00e1ginas que contengan manifestaciones o propaganda de car\u00e1cter racista, xen\u00f3fobo, pornogr\u00e1fico, de apolog\u00eda del terrorismo, en contra de los Derechos Humanos o cualquier otro de car\u00e1cter il\u00edcito o contrario a la moral y al orden p\u00fablico.&nbsp;En ning\u00fan caso se podr\u00e1 dar a entender, ni declarar que&nbsp;<\/span><strong><span>IMPULS<\/span><\/strong><span>&nbsp;interviene, avala, promociona, participa o ha supervisado los contenidos de la p\u00e1gina donde figure el enlace de la intranet, ni siquiera que consienta su incursi\u00f3n, salvo autorizaci\u00f3n expresa.<\/span><\/p>\n\n\n\n<p><span>De igual modo&nbsp;<\/span><strong><span>IMPULS<\/span><\/strong><span>&nbsp;advierte que podr\u00e1 ejercer de cuantas acciones, tanto civiles como penales, amparen sus leg\u00edtimos derechos en caso de encontrar alguna referencia que pueda perjudicar la imagen de la entidad.<\/span>\r\n\r\n&nbsp;<\/p>\n\n\n\n<p><\/p>\n\n\n\n<p><strong><span>RENUNCIA Y LIMITACI\u00d3N DE LA RESPONSABILIDAD<\/span> <\/strong><span>La informaci\u00f3n incluida o disponible mediante la presente web puede incluir incorrecciones o errores tipogr\u00e1ficos.\u00a0De forma peri\u00f3dica se incorporan cambios en la informaci\u00f3n contenida.\u00a0<\/span><strong><span>IMPULS<\/span><\/strong><span>\u00a0puede incluir en cualquier momento mejoras y\/o cambios en los contenidos.<\/span><\/p>\n\n\n\n<p><\/p>\n\n\n\n<p><strong><span>IMPULS<\/span><\/strong><span>&nbsp;ha obtenido informaci\u00f3n y los materiales incluidos en la web de fuentes consideradas como fiables, pero si bien se han tomado las medidas correspondientes para asegurar que la informaci\u00f3n contenida sea correcta, no garantiza que sea exacta o actualizada.<\/span><\/p>\n\n\n\n<p><\/p>\n\n\n\n<p><strong><span>CONTENIDOS, PROPIEDAD INDUSTRIAL E INTELECTUAL<\/span><\/strong>\r\n<span>Los contenidos del portal son contenidos de car\u00e1cter informativo, administrativo y educativo, los cuales son responsabilidad exclusiva de&nbsp;<\/span><strong><span>IMPULS<\/span><\/strong><span>, pudiendo estar protegidos por derechos de propiedad intelectual o limitados por cualquier otro instrumento de uso .<\/span><\/p>\n\n\n\n<p><span>As\u00ed pues, los contenidos depositados en la web por&nbsp;<\/span><strong><span>IMPULS<\/span><\/strong><span>, constituyen una obra en el sentido de la legislaci\u00f3n sobre propiedad intelectual restante por ello protegidos por las leyes y convenios internacionales aplicables en la materia.<\/span><\/p>\n\n\n\n<p><span>Queda prohibida cualquier forma de reproducci\u00f3n, distribuci\u00f3n, comunicaci\u00f3n p\u00fablica, transformaci\u00f3n, puesta a disposici\u00f3n y, en general, cualquier otro acto de explotaci\u00f3n p\u00fablica referido tanto a las p\u00e1ginas web como a sus contenidos e informaci\u00f3n, sin el expreso y previo consentimiento y por escrito de&nbsp;<\/span><strong><span>IMPULS<\/span><\/strong><span>.&nbsp;En consecuencia, todos los contenidos mostrados y, en especial dise\u00f1os, textos gr\u00e1ficos, logotipos, iconos, botones, software, nombres comerciales, marcas, dibujos industriales o cualquier otro signo susceptible de utilizaci\u00f3n industrial y comercial est\u00e1n sujetos a derechos de propiedad intelectual e industrial de&nbsp;<\/span><strong><span>IMPULS<\/span><\/strong><span>.<\/span><\/p>\n\n\n\n<p>Los contenidos, im\u00e1genes, formas, opiniones, \u00edndice y dem\u00e1s expresiones formales que formen parte de la p\u00e1gina web, as\u00ed como el software necesario para el funcionamiento y visualizaci\u00f3n de la misma, constituyen asimismo una obra el sentido del Derecho de Autor y quedan, por tanto, protegidas por las convenciones internacionales y legislaciones nacionales en materia de Propiedad intelectual que resulten aplicables. El incumplimiento de lo se\u00f1alado implica la comisi\u00f3n de graves actos il\u00edcitos y su sanci\u00f3n por legislaci\u00f3n civil y penal.<\/p>\n\n\n\n<p><span>Queda prohibido todo acto por virtud del cual los usuarios de los servicios o contenidos puedan modificar, explotar o servirse comercial, directa o indirectamente, en su totalidad o parcialmente de cualquiera de los contenidos, im\u00e1genes, formas, \u00edndice y dem\u00e1s expresiones formales que formen parte de la intranet sin autorizaci\u00f3n previa y por escrito de&nbsp;<\/span><strong><span>IMPULS<\/span><\/strong><span>.&nbsp;En concreto, y sin car\u00e1cter exhaustivo, quedan prohibidos los actos de reproducci\u00f3n, distribuci\u00f3n, exhibici\u00f3n, transmisi\u00f3n, retransmisi\u00f3n, emisi\u00f3n en cualquier forma, almacenamiento en soportes f\u00edsicos o l\u00f3gicos (por ejemplo, CDs, disquetes o discos duros de ordenadores) , digitalizaci\u00f3n o puesta en disposici\u00f3n desde bases de datos distintas de las que pertenecen a las autorizadas por&nbsp;<\/span><strong><span>IMPULSO<\/span><\/strong><span>, as\u00ed como su traducci\u00f3n, adaptaci\u00f3n, correcci\u00f3n o cualquier otra transformaci\u00f3n de las mencionadas opiniones, im\u00e1genes, formas, \u00edndice y dem\u00e1s expresiones formales que se pongan a disposici\u00f3n de los usuarios mediante los sirva o contenidos, en la medida en que estos actos est\u00e9n sometidos a la legislaci\u00f3n aplicable en materia de propiedad intelectual, industrial o de protecci\u00f3n de la imagen.<\/span><\/p>\n\n\n\n<p><strong><span>IMPULS<\/span><\/strong><span>&nbsp;es libre de limitar el acceso a la web ya la publicaci\u00f3n de las opiniones, observaciones, im\u00e1genes o comentarios que los usuarios puedan hacerle llegar a trav\u00e9s del correo electr\u00f3nico, formularios o redes sociales.&nbsp;En este sentido, podr\u00e1 establecer, si lo considera oportuno, sin perjuicio de la \u00fanica y exclusiva responsabilidad de los usuarios, los filtros necesarios a fin de evitar que mediante su plataforma puedan hacerse comentarios y\/u opiniones, considerados racistas, xen\u00f3fobos, discriminatorios, pornogr\u00e1ficos, difamatorios o que, de cualquier modo, fomenten la violencia o la diseminaci\u00f3n de contenidos claramente il\u00edcitos o nocivos.<\/span><\/p>\n\n\n\n<p><span>Cualquier transgresi\u00f3n de lo dispuesto en este punto ser\u00e1 considerada como lesi\u00f3n de los leg\u00edtimos derechos de Propiedad intelectual de&nbsp;<\/span><strong><span>IMPULS<\/span><\/strong><span>&nbsp;sobre todos los contenidos de la intranet, pudiendo ejercer cuantas acciones, tanto civiles como penales, amparen sus leg\u00edtimos derechos de propiedad intelectual e industrial.<\/span>\r\n\r\n&nbsp;<\/p>\n","protected":false},"excerpt":{"rendered":"<p>RESPONSABILIDAD DE CONTENIDOS Y SERVICIOS OFERTADOS La presente WEB tiene por objeto presentar de forma digitalizada la oferta de servicios e informaci\u00f3n que la&nbsp;FUNDACI\u00d3N PRIVADA IMPULS&nbsp;(en adelante&nbsp;IMPULS&nbsp;) ofrece.&nbsp;Adem\u00e1s, tiene por objeto facilitar el acceso de cualquier persona interesada a la informaci\u00f3n sobre los servicios y actividades que ofrece la entidad. IMPULS&nbsp;, con CIF G63658744, act\u00faa [&hellip;]<\/p>\n","protected":false},"author":1,"featured_media":0,"parent":0,"menu_order":0,"comment_status":"closed","ping_status":"closed","template":"","meta":[],"yoast_head":"<!-- This site is optimized with the Yoast SEO plugin v20.9 - https:\/\/yoast.com\/wordpress\/plugins\/seo\/ -->\n<title>Pol\u00edtica de privacidad - Fundaci\u00f3 Impuls<\/title>\n<meta name=\"robots\" content=\"index, follow, max-snippet:-1, max-image-preview:large, max-video-preview:-1\" \/>\n<link rel=\"canonical\" href=\"https:\/\/fundacioimpuls.org\/es\/politica-de-privacidad\/\" \/>\n<meta property=\"og:locale\" content=\"es_ES\" \/>\n<meta property=\"og:type\" content=\"article\" \/>\n<meta property=\"og:title\" content=\"Pol\u00edtica de privacidad - Fundaci\u00f3 Impuls\" \/>\n<meta property=\"og:description\" content=\"RESPONSABILIDAD DE CONTENIDOS Y SERVICIOS OFERTADOS La presente WEB tiene por objeto presentar de forma digitalizada la oferta de servicios e informaci\u00f3n que la&nbsp;FUNDACI\u00d3N PRIVADA IMPULS&nbsp;(en adelante&nbsp;IMPULS&nbsp;) ofrece.&nbsp;Adem\u00e1s, tiene por objeto facilitar el acceso de cualquier persona interesada a la informaci\u00f3n sobre los servicios y actividades que ofrece la entidad. IMPULS&nbsp;, con CIF G63658744, act\u00faa [&hellip;]\" \/>\n<meta property=\"og:url\" content=\"https:\/\/fundacioimpuls.org\/es\/politica-de-privacidad\/\" \/>\n<meta property=\"og:site_name\" content=\"Fundaci\u00f3 Impuls\" \/>\n<meta property=\"article:modified_time\" content=\"2022-12-12T09:09:00+00:00\" \/>\n<meta name=\"twitter:card\" content=\"summary_large_image\" \/>\n<meta name=\"twitter:label1\" content=\"Tiempo de lectura\" \/>\n\t<meta name=\"twitter:data1\" content=\"7 minutos\" \/>\n<script type=\"application\/ld+json\" class=\"yoast-schema-graph\">{\"@context\":\"https:\/\/schema.org\",\"@graph\":[{\"@type\":\"WebPage\",\"@id\":\"https:\/\/fundacioimpuls.org\/es\/politica-de-privacidad\/\",\"url\":\"https:\/\/fundacioimpuls.org\/es\/politica-de-privacidad\/\",\"name\":\"Pol\u00edtica de privacidad - Fundaci\u00f3 Impuls\",\"isPartOf\":{\"@id\":\"https:\/\/fundacioimpuls.org\/#website\"},\"datePublished\":\"2022-04-05T15:17:09+00:00\",\"dateModified\":\"2022-12-12T09:09:00+00:00\",\"breadcrumb\":{\"@id\":\"https:\/\/fundacioimpuls.org\/es\/politica-de-privacidad\/#breadcrumb\"},\"inLanguage\":\"es\",\"potentialAction\":[{\"@type\":\"ReadAction\",\"target\":[\"https:\/\/fundacioimpuls.org\/es\/politica-de-privacidad\/\"]}]},{\"@type\":\"BreadcrumbList\",\"@id\":\"https:\/\/fundacioimpuls.org\/es\/politica-de-privacidad\/#breadcrumb\",\"itemListElement\":[{\"@type\":\"ListItem\",\"position\":1,\"name\":\"Inici\",\"item\":\"https:\/\/fundacioimpuls.org\/es\/\"},{\"@type\":\"ListItem\",\"position\":2,\"name\":\"Pol\u00edtica de privacidad\"}]},{\"@type\":\"WebSite\",\"@id\":\"https:\/\/fundacioimpuls.org\/#website\",\"url\":\"https:\/\/fundacioimpuls.org\/\",\"name\":\"Fundaci\u00f3 Impuls\",\"description\":\"Impuls quiere contribuir a la mejora de la sociedad a trav\u00e9s de la investigaci\u00f3n en materia educativa, el reconocimiento al papel del profesorado y la cooperaci\u00f3n internacional con proyectos educativos en pa\u00edses en v\u00edas de desarrollo.\",\"publisher\":{\"@id\":\"https:\/\/fundacioimpuls.org\/#organization\"},\"potentialAction\":[{\"@type\":\"SearchAction\",\"target\":{\"@type\":\"EntryPoint\",\"urlTemplate\":\"https:\/\/fundacioimpuls.org\/?s={search_term_string}\"},\"query-input\":\"required name=search_term_string\"}],\"inLanguage\":\"es\"},{\"@type\":\"Organization\",\"@id\":\"https:\/\/fundacioimpuls.org\/#organization\",\"name\":\"Fundaci\u00f3 Impuls\",\"url\":\"https:\/\/fundacioimpuls.org\/\",\"logo\":{\"@type\":\"ImageObject\",\"inLanguage\":\"es\",\"@id\":\"https:\/\/fundacioimpuls.org\/#\/schema\/logo\/image\/\",\"url\":\"https:\/\/fundacioimpuls.org\/wp-content\/uploads\/2022\/05\/logo-impuls-1.jpg\",\"contentUrl\":\"https:\/\/fundacioimpuls.org\/wp-content\/uploads\/2022\/05\/logo-impuls-1.jpg\",\"width\":2012,\"height\":780,\"caption\":\"Fundaci\u00f3 Impuls\"},\"image\":{\"@id\":\"https:\/\/fundacioimpuls.org\/#\/schema\/logo\/image\/\"}}]}<\/script>\n<!-- \/ Yoast SEO plugin. -->","yoast_head_json":{"title":"Pol\u00edtica de privacidad - Fundaci\u00f3 Impuls","robots":{"index":"index","follow":"follow","max-snippet":"max-snippet:-1","max-image-preview":"max-image-preview:large","max-video-preview":"max-video-preview:-1"},"canonical":"https:\/\/fundacioimpuls.org\/es\/politica-de-privacidad\/","og_locale":"es_ES","og_type":"article","og_title":"Pol\u00edtica de privacidad - Fundaci\u00f3 Impuls","og_description":"RESPONSABILIDAD DE CONTENIDOS Y SERVICIOS OFERTADOS La presente WEB tiene por objeto presentar de forma digitalizada la oferta de servicios e informaci\u00f3n que la&nbsp;FUNDACI\u00d3N PRIVADA IMPULS&nbsp;(en adelante&nbsp;IMPULS&nbsp;) ofrece.&nbsp;Adem\u00e1s, tiene por objeto facilitar el acceso de cualquier persona interesada a la informaci\u00f3n sobre los servicios y actividades que ofrece la entidad. IMPULS&nbsp;, con CIF G63658744, act\u00faa [&hellip;]","og_url":"https:\/\/fundacioimpuls.org\/es\/politica-de-privacidad\/","og_site_name":"Fundaci\u00f3 Impuls","article_modified_time":"2022-12-12T09:09:00+00:00","twitter_card":"summary_large_image","twitter_misc":{"Tiempo de lectura":"7 minutos"},"schema":{"@context":"https:\/\/schema.org","@graph":[{"@type":"WebPage","@id":"https:\/\/fundacioimpuls.org\/es\/politica-de-privacidad\/","url":"https:\/\/fundacioimpuls.org\/es\/politica-de-privacidad\/","name":"Pol\u00edtica de privacidad - Fundaci\u00f3 Impuls","isPartOf":{"@id":"https:\/\/fundacioimpuls.org\/#website"},"datePublished":"2022-04-05T15:17:09+00:00","dateModified":"2022-12-12T09:09:00+00:00","breadcrumb":{"@id":"https:\/\/fundacioimpuls.org\/es\/politica-de-privacidad\/#breadcrumb"},"inLanguage":"es","potentialAction":[{"@type":"ReadAction","target":["https:\/\/fundacioimpuls.org\/es\/politica-de-privacidad\/"]}]},{"@type":"BreadcrumbList","@id":"https:\/\/fundacioimpuls.org\/es\/politica-de-privacidad\/#breadcrumb","itemListElement":[{"@type":"ListItem","position":1,"name":"Inici","item":"https:\/\/fundacioimpuls.org\/es\/"},{"@type":"ListItem","position":2,"name":"Pol\u00edtica de privacidad"}]},{"@type":"WebSite","@id":"https:\/\/fundacioimpuls.org\/#website","url":"https:\/\/fundacioimpuls.org\/","name":"Fundaci\u00f3 Impuls","description":"Impuls quiere contribuir a la mejora de la sociedad a trav\u00e9s de la investigaci\u00f3n en materia educativa, el reconocimiento al papel del profesorado y la cooperaci\u00f3n internacional con proyectos educativos en pa\u00edses en v\u00edas de desarrollo.","publisher":{"@id":"https:\/\/fundacioimpuls.org\/#organization"},"potentialAction":[{"@type":"SearchAction","target":{"@type":"EntryPoint","urlTemplate":"https:\/\/fundacioimpuls.org\/?s={search_term_string}"},"query-input":"required name=search_term_string"}],"inLanguage":"es"},{"@type":"Organization","@id":"https:\/\/fundacioimpuls.org\/#organization","name":"Fundaci\u00f3 Impuls","url":"https:\/\/fundacioimpuls.org\/","logo":{"@type":"ImageObject","inLanguage":"es","@id":"https:\/\/fundacioimpuls.org\/#\/schema\/logo\/image\/","url":"https:\/\/fundacioimpuls.org\/wp-content\/uploads\/2022\/05\/logo-impuls-1.jpg","contentUrl":"https:\/\/fundacioimpuls.org\/wp-content\/uploads\/2022\/05\/logo-impuls-1.jpg","width":2012,"height":780,"caption":"Fundaci\u00f3 Impuls"},"image":{"@id":"https:\/\/fundacioimpuls.org\/#\/schema\/logo\/image\/"}}]}},"_links":{"self":[{"href":"https:\/\/fundacioimpuls.org\/es\/wp-json\/wp\/v2\/pages\/1657"}],"collection":[{"href":"https:\/\/fundacioimpuls.org\/es\/wp-json\/wp\/v2\/pages"}],"about":[{"href":"https:\/\/fundacioimpuls.org\/es\/wp-json\/wp\/v2\/types\/page"}],"author":[{"embeddable":true,"href":"https:\/\/fundacioimpuls.org\/es\/wp-json\/wp\/v2\/users\/1"}],"replies":[{"embeddable":true,"href":"https:\/\/fundacioimpuls.org\/es\/wp-json\/wp\/v2\/comments?post=1657"}],"version-history":[{"count":4,"href":"https:\/\/fundacioimpuls.org\/es\/wp-json\/wp\/v2\/pages\/1657\/revisions"}],"predecessor-version":[{"id":2495,"href":"https:\/\/fundacioimpuls.org\/es\/wp-json\/wp\/v2\/pages\/1657\/revisions\/2495"}],"wp:attachment":[{"href":"https:\/\/fundacioimpuls.org\/es\/wp-json\/wp\/v2\/media?parent=1657"}],"curies":[{"name":"wp","href":"https:\/\/api.w.org\/{rel}","templated":true}]}}